{"id":124,"date":"2021-05-19T15:32:45","date_gmt":"2021-05-19T15:32:45","guid":{"rendered":"http:\/\/liceuldeartaoradea.ro\/maghiara\/?page_id=124"},"modified":"2023-02-13T18:21:04","modified_gmt":"2023-02-13T18:21:04","slug":"tanarok","status":"publish","type":"page","link":"https:\/\/liceuldeartaoradea.ro\/maghiara\/tanarok\/","title":{"rendered":"Tan\u00e1rok"},"content":{"rendered":"<p>[et_pb_section fb_built=&#8221;1&#8243; admin_label=&#8221;Header&#8221; _builder_version=&#8221;4.19.1&#8243; background_enable_image=&#8221;off&#8221; background_size=&#8221;initial&#8221; background_repeat=&#8221;repeat&#8221; global_colors_info=&#8221;{}&#8221;][et_pb_row _builder_version=&#8221;4.16&#8243; _module_preset=&#8221;default&#8221; global_colors_info=&#8221;{}&#8221;][et_pb_column type=&#8221;4_4&#8243; _builder_version=&#8221;4.16&#8243; _module_preset=&#8221;default&#8221; global_colors_info=&#8221;{}&#8221;][et_pb_text _builder_version=&#8221;4.19.1&#8243; text_font=&#8221;||||||||&#8221; header_font=&#8221;||||||||&#8221; header_2_font=&#8221;Prata|500|||||||&#8221; header_2_text_align=&#8221;left&#8221; header_2_font_size=&#8221;45px&#8221; header_2_line_height=&#8221;1.3em&#8221; transform_translate_linked=&#8221;off&#8221; max_width=&#8221;100%&#8221; max_width_tablet=&#8221;70%&#8221; max_width_last_edited=&#8221;off|phone&#8221; header_2_font_size_tablet=&#8221;45px&#8221; header_2_font_size_phone=&#8221;45px&#8221; header_2_font_size_last_edited=&#8221;on|phone&#8221; global_colors_info=&#8221;{}&#8221;]<\/p>\n<h2>Tan\u00e1rok<\/h2>\n<p>[\/et_pb_text][et_pb_text _builder_version=&#8221;4.19.1&#8243; _module_preset=&#8221;default&#8221; hover_enabled=&#8221;0&#8243; global_colors_info=&#8221;{}&#8221; sticky_enabled=&#8221;0&#8243;]<\/p>\n<h3>VEZET\u0150S\u00c9G<\/h3>\n<p><strong>Igazgat\u00f3:<\/strong> Bondor Mihaela-Geta<\/p>\n<p><strong>Igazgat\u00f3helyettes<\/strong>: Nagy Gabriella<\/p>\n<p>&nbsp;<\/p>\n<h3>A NAGYV\u00c1RADI M\u0170V\u00c9SZETI L\u00cdCEUM MAGYAR TAGOZAT\u00c1NAK TAN\u00c1RI KARA<\/h3>\n<p>&nbsp;<\/p>\n<div>\n<table width=\"100%\" border=\"0\" style=\"width: 100%; height: 1588px;\">\n<tbody>\n<tr style=\"height: 24px;\">\n<td style=\"width: 50%; height: 24px;\"><b>N\u00e9v<\/b><\/td>\n<td style=\"width: 50%; height: 24px;\"><b>Tant\u00e1rgy <\/b><\/td>\n<\/tr>\n<tr style=\"height: 24px;\">\n<td style=\"height: 24px;\">Abrudan Lavinia<\/td>\n<td style=\"height: 24px;\">Heged\u0171<\/td>\n<\/tr>\n<tr style=\"height: 24px;\">\n<td style=\"height: 24px;\">Ambrus Brigitta<\/td>\n<td style=\"height: 24px;\">Matematika<\/td>\n<\/tr>\n<tr style=\"height: 24px;\">\n<td style=\"height: 24px;\">Balajti R\u00f3bert<\/td>\n<td style=\"height: 24px;\">M\u0171\u00e9p\u00edt\u00e9szet<\/td>\n<\/tr>\n<tr style=\"height: 24px;\">\n<td style=\"height: 24px;\">Bejan Olga<\/td>\n<td style=\"height: 24px;\">Zongora<\/td>\n<\/tr>\n<tr style=\"height: 24px;\">\n<td style=\"height: 24px;\">Bencz\u00e9di M\u00f3nika<\/td>\n<td style=\"height: 24px;\">Zongora<\/td>\n<\/tr>\n<tr style=\"height: 24px;\">\n<td style=\"height: 24px;\">Bereczki Andrea<\/td>\n<td style=\"height: 24px;\">Magyar nyelv \u00e9s irodalom<\/td>\n<\/tr>\n<tr style=\"height: 24px;\">\n<td style=\"height: 24px;\">B\u00e9res Csilla<\/td>\n<td style=\"height: 24px;\">Mag\u00e1n\u00e9nek<\/td>\n<\/tr>\n<tr style=\"height: 24px;\">\n<td style=\"height: 24px;\">Borz\u00e1si D\u00e1vid<\/td>\n<td style=\"height: 24px;\">Fuvola, zongora<\/td>\n<\/tr>\n<tr style=\"height: 24px;\">\n<td style=\"height: 24px;\">Bulzan Annam\u00e1ria<\/td>\n<td style=\"height: 24px;\">Mag\u00e1n\u00e9nek<\/td>\n<\/tr>\n<tr style=\"height: 24px;\">\n<td style=\"height: 24px;\">Chiril\u0103 C\u0103t\u0103lin<\/td>\n<td style=\"height: 24px;\">Klarin\u00e9t \u00e9s szaxofon<\/td>\n<\/tr>\n<tr style=\"height: 24px;\">\n<td style=\"height: 24px;\">Cristea Ligia -Monica<\/td>\n<td style=\"height: 24px;\">Rom\u00e1n nyelv \u00e9s irodalom<\/td>\n<\/tr>\n<tr style=\"height: 24px;\">\n<td style=\"height: 24px;\">Czentye Andrea<\/td>\n<td style=\"height: 24px;\">Fest\u00e9szet<\/td>\n<\/tr>\n<tr style=\"height: 24px;\">\n<td style=\"height: 24px;\">D\u00e1vid M\u00e1ria<\/td>\n<td style=\"height: 24px;\">Grafika<\/td>\n<\/tr>\n<tr style=\"height: 24px;\">\n<td style=\"height: 24px;\">De\u00e1k Ir\u00e9n<\/td>\n<td style=\"height: 24px;\">F\u00f6ldrajz<\/td>\n<\/tr>\n<tr style=\"height: 24px;\">\n<td style=\"height: 24px;\">Domahidi Krisztina<\/td>\n<td style=\"height: 24px;\">Rajz, agyagoz\u00e1s<\/td>\n<\/tr>\n<tr style=\"height: 24px;\">\n<td style=\"height: 24px;\">F\u00e1bi\u00e1n Em\u0151ke<\/td>\n<td style=\"height: 24px;\">Fest\u00e9szet, rajz<\/td>\n<\/tr>\n<tr style=\"height: 24px;\">\n<td style=\"height: 24px;\">Ferencz Merc\u00e9desz<\/td>\n<td style=\"height: 24px;\">Zongora<\/td>\n<\/tr>\n<tr style=\"height: 24px;\">\n<td style=\"height: 24px;\">F\u00fcrt\u00f6s Erika<\/td>\n<td style=\"height: 24px;\">Informatika<\/td>\n<\/tr>\n<tr style=\"height: 24px;\">\n<td style=\"height: 24px;\">G\u00e1ll Attila<\/td>\n<td style=\"height: 24px;\">Heged\u0171<\/td>\n<\/tr>\n<tr style=\"height: 24px;\">\n<td style=\"height: 24px;\">Goia Mihaela<\/td>\n<td style=\"height: 24px;\">Angol nyelv<\/td>\n<\/tr>\n<tr style=\"height: 24px;\">\n<td style=\"height: 24px;\">Ichim Be\u00e1ta<\/td>\n<td style=\"height: 24px;\">Csell\u00f3<\/td>\n<\/tr>\n<tr style=\"height: 24px;\">\n<td style=\"height: 24px;\">I\u0219toc Annamaria<\/td>\n<td style=\"height: 24px;\">Textimint\u00e1z\u00e1s<\/td>\n<\/tr>\n<tr style=\"height: 24px;\">\n<td style=\"height: 24px;\">Jakab G\u00e1bor<\/td>\n<td style=\"height: 24px;\">T\u00e1rsadalomtudom\u00e1nyok<\/td>\n<\/tr>\n<tr style=\"height: 24px;\">\n<td style=\"height: 24px;\">J\u00e1mbor-Fekete Erzs\u00e9bet<\/td>\n<td style=\"height: 24px;\">Zongora<\/td>\n<\/tr>\n<tr style=\"height: 24px;\">\n<td style=\"height: 24px;\">Jank\u00f3-Sz\u00e9p No\u00e9mi<\/td>\n<td style=\"height: 24px;\">Ker\u00e1mia<\/td>\n<\/tr>\n<tr style=\"height: 24px;\">\n<td style=\"height: 24px;\">K\u00e9menes M\u00f3nika<\/td>\n<td style=\"height: 24px;\">M\u0171v\u00e9szett\u00f6rt\u00e9net, t\u00f6rt\u00e9nelem<\/td>\n<\/tr>\n<tr style=\"height: 24px;\">\n<td style=\"height: 24px;\">Klein Ioana<\/td>\n<td style=\"height: 24px;\">Grafika<\/td>\n<\/tr>\n<tr style=\"height: 24px;\">\n<td style=\"height: 24px;\">Kov\u00e1cs Anett<\/td>\n<td style=\"height: 24px;\">Rajz, diz\u00e1jn (formatervez\u00e9s)<\/td>\n<\/tr>\n<tr style=\"height: 24px;\">\n<td style=\"height: 24px;\">Kurucz \u00c9va<\/td>\n<td style=\"height: 24px;\">Pszichol\u00f3gia<\/td>\n<\/tr>\n<tr style=\"height: 24px;\">\n<td style=\"height: 24px;\">Leopold Otilia<\/td>\n<td style=\"height: 24px;\">Zongora<\/td>\n<\/tr>\n<tr style=\"height: 24px;\">\n<td style=\"height: 24px;\">Luk\u00e1cs Annam\u00e1ria<\/td>\n<td style=\"height: 24px;\">Zeneelm\u00e9let, k\u00f3rus<\/td>\n<\/tr>\n<tr style=\"height: 24px;\">\n<td style=\"height: 24px;\">Luk\u00e1cs R\u00f3bert<\/td>\n<td style=\"height: 24px;\">Heged\u0171<\/td>\n<\/tr>\n<tr style=\"height: 24px;\">\n<td style=\"height: 24px;\">Lupse Anita-Laura<\/td>\n<td style=\"height: 24px;\">Heged\u0171<\/td>\n<\/tr>\n<tr style=\"height: 24px;\">\n<td style=\"height: 24px;\">Mados Andrea<\/td>\n<td style=\"height: 24px;\">Magyar nyelv \u00e9s irodalom<\/td>\n<\/tr>\n<tr style=\"height: 24px;\">\n<td style=\"height: 24px;\">Mag-Pop Anabella<\/td>\n<td style=\"height: 24px;\">Zongora<\/td>\n<\/tr>\n<tr style=\"height: 24px;\">\n<td style=\"height: 24px;\">M\u00e1ty\u00e1si-Fischer Enik\u0151<\/td>\n<td style=\"height: 24px;\">R\u00f3mai katolikus hitoktat\u00f3<\/td>\n<\/tr>\n<tr style=\"height: 24px;\">\n<td style=\"height: 24px;\">M\u00e9sz\u00e1ros Hajnalka<\/td>\n<td style=\"height: 24px;\">Zongora<\/td>\n<\/tr>\n<tr style=\"height: 24px;\">\n<td style=\"height: 24px;\">Medv\u00e9ssy M\u00f3nika<\/td>\n<td style=\"height: 24px;\">Zongora<\/td>\n<\/tr>\n<tr style=\"height: 24px;\">\n<td style=\"height: 24px;\">Mircescu Georgiana<\/td>\n<td style=\"height: 24px;\">Fuvola<\/td>\n<\/tr>\n<tr style=\"height: 24px;\">\n<td style=\"height: 24px;\">Mocoi Florica<\/td>\n<td style=\"height: 24px;\">Rom\u00e1n nyelv \u00e9s irodalom<\/td>\n<\/tr>\n<tr style=\"height: 24px;\">\n<td style=\"height: 24px;\">Nagy Anita<\/td>\n<td style=\"height: 24px;\">Zongora<\/td>\n<\/tr>\n<tr style=\"height: 24px;\">\n<td style=\"height: 24px;\">Nagy Gabriella<\/td>\n<td style=\"height: 24px;\">T\u00f6rt\u00e9nelem<\/td>\n<\/tr>\n<tr style=\"height: 24px;\">\n<td style=\"height: 24px;\">Nagy Viola<\/td>\n<td style=\"height: 24px;\">Zeneelm\u00e9let, karmester<\/td>\n<\/tr>\n<tr style=\"height: 24px;\">\n<td style=\"height: 24px;\">Negru Andrea Csilla<\/td>\n<td style=\"height: 24px;\">Matematika \u00e9s informatika<\/td>\n<\/tr>\n<tr style=\"height: 24px;\">\n<td style=\"height: 24px;\">Peter Claudia<\/td>\n<td style=\"height: 24px;\">Divattervez\u00e9s<\/td>\n<\/tr>\n<tr style=\"height: 24px;\">\n<td style=\"height: 24px;\">Petri\u0219 Cristina<\/td>\n<td style=\"height: 24px;\">Rom\u00e1n nyelv \u00e9s irodalom<\/td>\n<\/tr>\n<tr style=\"height: 24px;\">\n<td style=\"height: 24px;\">R\u00e1cz Eliza -Be\u00e1ta<\/td>\n<td style=\"height: 24px;\">Fest\u00e9szet<\/td>\n<\/tr>\n<tr style=\"height: 24px;\">\n<td style=\"height: 24px;\">R\u00e1cz Ervin-Gyula<\/td>\n<td style=\"height: 24px;\">Fest\u00e9szet<\/td>\n<\/tr>\n<tr style=\"height: 24px;\">\n<td style=\"height: 24px;\">Rad\u00f3 Judith<\/td>\n<td style=\"height: 24px;\">Zongora<\/td>\n<\/tr>\n<tr style=\"height: 24px;\">\n<td style=\"height: 24px;\">R\u00e9thi-G\u00e1ll Brigitta-\u00c9va<\/td>\n<td style=\"height: 24px;\">Zongora<\/td>\n<\/tr>\n<tr style=\"height: 24px;\">\n<td style=\"height: 24px;\">Roman Loredana<\/td>\n<td style=\"height: 24px;\">Git\u00e1r<\/td>\n<\/tr>\n<tr style=\"height: 24px;\">\n<td style=\"height: 24px;\">Simon L\u00e1szl\u00f3<\/td>\n<td style=\"height: 24px;\">Fizika<\/td>\n<\/tr>\n<tr style=\"height: 24px;\">\n<td style=\"height: 24px;\">Somogyi Gabriella<\/td>\n<td style=\"height: 24px;\">Biol\u00f3gia, k\u00e9mia, technol\u00f3gia<\/td>\n<\/tr>\n<tr style=\"height: 24px;\">\n<td style=\"height: 24px;\">\u0218ilinca Alin<\/td>\n<td style=\"height: 24px;\">Kamarazene<\/td>\n<\/tr>\n<tr style=\"height: 24px;\">\n<td style=\"height: 24px;\">Szab\u00f3 Attila<\/td>\n<td style=\"height: 24px;\">Git\u00e1r<\/td>\n<\/tr>\n<tr style=\"height: 24px;\">\n<td style=\"height: 24px;\">Sz\u00e9kely Cristian<\/td>\n<td style=\"height: 24px;\">\u00dct\u0151hangszerek<\/td>\n<\/tr>\n<tr style=\"height: 24px;\">\n<td style=\"height: 24px;\">Szil\u00e1gyi Judit<\/td>\n<td style=\"height: 24px;\">Reform\u00e1tus vall\u00e1s<\/td>\n<\/tr>\n<tr style=\"height: 24px;\">\n<td style=\"height: 24px;\">Tar Csenge Bogl\u00e1rka<\/td>\n<td style=\"height: 24px;\">Zongora<\/td>\n<\/tr>\n<tr style=\"height: 24px;\">\n<td style=\"height: 24px;\">Tier Enik\u0151-M\u00e1ria<\/td>\n<td style=\"height: 24px;\">Zongora<\/td>\n<\/tr>\n<tr style=\"height: 24px;\">\n<td style=\"height: 24px;\">Toma Florina<\/td>\n<td style=\"height: 24px;\">Rom\u00e1n nyelv \u00e9s irodalom<\/td>\n<\/tr>\n<tr style=\"height: 24px;\">\n<td style=\"height: 24px;\">Vere\u0219 Daniela<\/td>\n<td style=\"height: 24px;\">Rom\u00e1n nyelv \u00e9s irodalom<\/td>\n<\/tr>\n<tr style=\"height: 24px;\">\n<td style=\"height: 24px;\">Vura J\u00e1nos<\/td>\n<td style=\"height: 24px;\">Trombita<\/td>\n<\/tr>\n<\/tbody>\n<\/table>\n<\/div>\n<p>[\/et_pb_text][\/et_pb_column][\/et_pb_row][\/et_pb_section]<\/p>\n","protected":false},"excerpt":{"rendered":"<p>Tan\u00e1rokVEZET\u0150S\u00c9G Igazgat\u00f3: Bondor Mihaela-Geta Igazgat\u00f3helyettes: Nagy Gabriella &nbsp; A NAGYV\u00c1RADI M\u0170V\u00c9SZETI L\u00cdCEUM MAGYAR TAGOZAT\u00c1NAK TAN\u00c1RI KARA &nbsp; N\u00e9v Tant\u00e1rgy Abrudan Lavinia Heged\u0171 Ambrus Brigitta Matematika Balajti R\u00f3bert M\u0171\u00e9p\u00edt\u00e9szet Bejan Olga Zongora Bencz\u00e9di M\u00f3nika Zongora Bereczki Andrea Magyar nyelv \u00e9s irodalom B\u00e9res Csilla Mag\u00e1n\u00e9nek Borz\u00e1si D\u00e1vid Fuvola, zongora Bulzan Annam\u00e1ria Mag\u00e1n\u00e9nek Chiril\u0103 C\u0103t\u0103lin Klarin\u00e9t \u00e9s szaxofon [&hellip;]<\/p>\n","protected":false},"author":1,"featured_media":0,"parent":0,"menu_order":0,"comment_status":"closed","ping_status":"closed","template":"","meta":{"_et_pb_use_builder":"on","_et_pb_old_content":"","_et_gb_content_width":"","footnotes":""},"class_list":["post-124","page","type-page","status-publish","hentry"],"_links":{"self":[{"href":"https:\/\/liceuldeartaoradea.ro\/maghiara\/wp-json\/wp\/v2\/pages\/124","targetHints":{"allow":["GET"]}}],"collection":[{"href":"https:\/\/liceuldeartaoradea.ro\/maghiara\/wp-json\/wp\/v2\/pages"}],"about":[{"href":"https:\/\/liceuldeartaoradea.ro\/maghiara\/wp-json\/wp\/v2\/types\/page"}],"author":[{"embeddable":true,"href":"https:\/\/liceuldeartaoradea.ro\/maghiara\/wp-json\/wp\/v2\/users\/1"}],"replies":[{"embeddable":true,"href":"https:\/\/liceuldeartaoradea.ro\/maghiara\/wp-json\/wp\/v2\/comments?post=124"}],"version-history":[{"count":12,"href":"https:\/\/liceuldeartaoradea.ro\/maghiara\/wp-json\/wp\/v2\/pages\/124\/revisions"}],"predecessor-version":[{"id":669,"href":"https:\/\/liceuldeartaoradea.ro\/maghiara\/wp-json\/wp\/v2\/pages\/124\/revisions\/669"}],"wp:attachment":[{"href":"https:\/\/liceuldeartaoradea.ro\/maghiara\/wp-json\/wp\/v2\/media?parent=124"}],"curies":[{"name":"wp","href":"https:\/\/api.w.org\/{rel}","templated":true}]}}