{"id":130,"date":"2021-05-19T15:36:04","date_gmt":"2021-05-19T15:36:04","guid":{"rendered":"http:\/\/liceuldeartaoradea.ro\/maghiara\/?page_id=130"},"modified":"2023-02-04T09:19:04","modified_gmt":"2023-02-04T09:19:04","slug":"a-park-szallo-hangjai","status":"publish","type":"page","link":"https:\/\/liceuldeartaoradea.ro\/maghiara\/a-park-szallo-hangjai\/","title":{"rendered":"A Park Sz\u00e1ll\u00f3 Hangjai"},"content":{"rendered":"<p>[et_pb_section fb_built=&#8221;1&#8243; admin_label=&#8221;Header&#8221; _builder_version=&#8221;4.19.1&#8243; background_enable_image=&#8221;off&#8221; background_size=&#8221;initial&#8221; background_repeat=&#8221;repeat&#8221; global_colors_info=&#8221;{}&#8221;][et_pb_row custom_padding_last_edited=&#8221;off|phone&#8221; _builder_version=&#8221;4.16&#8243; background_position=&#8221;bottom_center&#8221; custom_padding_tablet=&#8221;17vw||17vw||false&#8221; use_custom_width=&#8221;on&#8221; width_unit=&#8221;off&#8221; custom_width_percent=&#8221;100%&#8221; locked=&#8221;off&#8221; global_colors_info=&#8221;{}&#8221;][et_pb_column type=&#8221;4_4&#8243; _builder_version=&#8221;4.16&#8243; custom_padding=&#8221;|||&#8221; global_colors_info=&#8221;{}&#8221; custom_padding__hover=&#8221;|||&#8221;][et_pb_text _builder_version=&#8221;4.19.1&#8243; _module_preset=&#8221;default&#8221; header_2_font=&#8221;Prata||||||||&#8221; header_2_font_size=&#8221;45px&#8221; custom_padding=&#8221;2px|||||&#8221; hover_enabled=&#8221;0&#8243; global_colors_info=&#8221;{}&#8221; sticky_enabled=&#8221;0&#8243;]<\/p>\n<h2>A Park Sz\u00e1ll\u00f3 Hangjai<\/h2>\n<p>[\/et_pb_text][\/et_pb_column][\/et_pb_row][et_pb_row column_structure=&#8221;1_2,1_2&#8243; _builder_version=&#8221;4.19.1&#8243; _module_preset=&#8221;default&#8221; global_colors_info=&#8221;{}&#8221;][et_pb_column type=&#8221;1_2&#8243; _builder_version=&#8221;4.19.1&#8243; _module_preset=&#8221;default&#8221; global_colors_info=&#8221;{}&#8221;][et_pb_text _builder_version=&#8221;4.19.1&#8243; _module_preset=&#8221;default&#8221; global_colors_info=&#8221;{}&#8221;]<\/p>\n<h3><strong>A KEZDEM\u00c9NYEZ\u00c9SR\u0150L<\/strong><\/h3>\n<p>\u00c9p\u00edtett \u00f6r\u00f6ks\u00e9g\u00fcnk t\u00f6bb, mint r\u00e9gi h\u00e1zak, kast\u00e9lyok, romok \u00f6sszess\u00e9ge. \u00c9l\u0151 tan\u00faja m\u00faltunknak, kult\u00far\u00e1nknak, mestertud\u00e1sunknak.<\/p>\n<p>Szerte Erd\u00e9lyben, de k\u00fcl\u00f6n\u00f6sen a sz\u00f3rv\u00e1nyvid\u00e9keken \u00e9letbev\u00e1g\u00f3an fontos az \u00e9rt\u00e9kmeg\u0151rz\u00e9s,\u00a0 ennek tudat\u00e1ban ind\u00edtotta \u00fatj\u00e1ra a Rom\u00e1niai Magyar Demokrata Sz\u00f6vets\u00e9g 2012-ben, a Sz\u00f3rv\u00e1ny Cselekv\u00e9si Terv r\u00e9sz\u00e9t k\u00e9pez\u0151, els\u0151sorban di\u00e1kokat, iskol\u00e1kat megc\u00e9lz\u00f3 \u00d6r\u00f6ks\u00e9g\u00fcnk \u0150rei &#8211; Fogadj \u00f6r\u00f6kbe egy m\u0171eml\u00e9ket programot.<\/p>\n<p>A<span>\u00a0<\/span>kezdem\u00e9nyez\u00e9s c\u00e9lja<span>\u00a0<\/span>a sz\u00f3rv\u00e1nyban \u00e9s interetnikus k\u00f6rnyezetben\u00a0\u00e9l\u0151 magyar k\u00f6z\u00f6ss\u00e9gek identit\u00e1studat\u00e1nak meg\u0151rz\u00e9se \u00e9s fejleszt\u00e9se, a k\u00f6z\u00f6ss\u00e9gi \u00e9let helysz\u00edneinek biztos\u00edt\u00e1sa, az \u00f6sszetartoz\u00e1s \u00e9rz\u00e9s\u00e9nek kialak\u00edt\u00e1sa \u00e9s fenntart\u00e1sa, \u00e9p\u00edtett \u00f6r\u00f6ks\u00e9g\u00fcnk v\u00e9delme, \u00e1pol\u00e1sa \u00e1ltal. Kiemelt c\u00e9l ugyanakkor meg\u00e9rtetni a kisiskol\u00e1sokkal, a nagyobbakkal, de a pedag\u00f3gusokkal, sz\u00fcl\u0151kkel is, hogy a kult\u00fara \u2013 amelynek az \u00e9p\u00edtett \u00f6r\u00f6ks\u00e9g is r\u00e9sze \u2013 k\u00f6t \u00f6ssze egy nemzetet, az ezekre val\u00f3 odafigyel\u00e9snek van igaz\u00e1n megtart\u00f3 ereje. Akkor vagyunk biztons\u00e1gban, ha \u00e9p\u00edtett \u00f6r\u00f6ks\u00e9g\u00fcnket nem lerombolj\u00e1k, hanem m\u0171eml\u00e9keinket, templomainkat, kast\u00e9lyainkat karbantartj\u00e1k, fel\u00faj\u00edtj\u00e1k, ismerik \u00e9s l\u00e1togatj\u00e1k.<\/p>\n<p>[\/et_pb_text][\/et_pb_column][et_pb_column type=&#8221;1_2&#8243; _builder_version=&#8221;4.19.1&#8243; _module_preset=&#8221;default&#8221; global_colors_info=&#8221;{}&#8221;][et_pb_text _builder_version=&#8221;4.19.1&#8243; _module_preset=&#8221;default&#8221; global_colors_info=&#8221;{}&#8221;]<\/p>\n<h3><strong>FACEBOOK H\u00cdRFOLYAM<\/strong><\/h3>\n<p>J\u00e1ruljatok hozz\u00e1 ti is \u00e9p\u00edtett \u00f6r\u00f6ks\u00e9g\u00fcnk megment\u00e9s\u00e9hez! K\u00f6vess\u00e9tek, ossz\u00e1tok meg a projekt k\u00f6z\u00f6ss\u00e9gi oldal\u00e1t, \u00e9s kapcsol\u00f3djatok be a csapat \u00e1ltal szervezett tev\u00e9kenys\u00e9gbe!<\/p>\n<p>[\/et_pb_text][dsm_facebook_feed fb_page_url=&#8221;https:\/\/www.facebook.com\/profile.php?id=100087199343884&#8243; fb_small_header=&#8221;true&#8221; fb_width=&#8221;500px&#8221; fb_height=&#8221;600px&#8221; _builder_version=&#8221;4.19.1&#8243; _module_preset=&#8221;default&#8221; box_shadow_style=&#8221;preset1&#8243; global_colors_info=&#8221;{}&#8221;][\/dsm_facebook_feed][et_pb_social_media_follow follow_button=&#8221;on&#8221; _builder_version=&#8221;4.19.1&#8243; _module_preset=&#8221;default&#8221; global_colors_info=&#8221;{}&#8221;][et_pb_social_media_follow_network social_network=&#8221;facebook&#8221; url=&#8221;https:\/\/www.facebook.com\/profile.php?id=100087199343884&#8243; _builder_version=&#8221;4.19.1&#8243; _module_preset=&#8221;default&#8221; background_color=&#8221;#3b5998&#8243; global_colors_info=&#8221;{}&#8221; follow_button=&#8221;on&#8221; url_new_window=&#8221;on&#8221;]facebook[\/et_pb_social_media_follow_network][\/et_pb_social_media_follow][\/et_pb_column][\/et_pb_row][et_pb_row _builder_version=&#8221;4.19.1&#8243; _module_preset=&#8221;default&#8221; global_colors_info=&#8221;{}&#8221;][et_pb_column type=&#8221;4_4&#8243; _builder_version=&#8221;4.16&#8243; _module_preset=&#8221;default&#8221; global_colors_info=&#8221;{}&#8221;][et_pb_video src=&#8221;https:\/\/www.youtube.com\/watch?v=P3QFRHyxH-8&#8243; _builder_version=&#8221;4.19.1&#8243; _module_preset=&#8221;default&#8221; box_shadow_style=&#8221;preset1&#8243; global_colors_info=&#8221;{}&#8221;][\/et_pb_video][\/et_pb_column][\/et_pb_row][\/et_pb_section]<\/p>\n","protected":false},"excerpt":{"rendered":"<p>A Park Sz\u00e1ll\u00f3 HangjaiA KEZDEM\u00c9NYEZ\u00c9SR\u0150L \u00c9p\u00edtett \u00f6r\u00f6ks\u00e9g\u00fcnk t\u00f6bb, mint r\u00e9gi h\u00e1zak, kast\u00e9lyok, romok \u00f6sszess\u00e9ge. \u00c9l\u0151 tan\u00faja m\u00faltunknak, kult\u00far\u00e1nknak, mestertud\u00e1sunknak. Szerte Erd\u00e9lyben, de k\u00fcl\u00f6n\u00f6sen a sz\u00f3rv\u00e1nyvid\u00e9keken \u00e9letbev\u00e1g\u00f3an fontos az \u00e9rt\u00e9kmeg\u0151rz\u00e9s,\u00a0 ennek tudat\u00e1ban ind\u00edtotta \u00fatj\u00e1ra a Rom\u00e1niai Magyar Demokrata Sz\u00f6vets\u00e9g 2012-ben, a Sz\u00f3rv\u00e1ny Cselekv\u00e9si Terv r\u00e9sz\u00e9t k\u00e9pez\u0151, els\u0151sorban di\u00e1kokat, iskol\u00e1kat megc\u00e9lz\u00f3 \u00d6r\u00f6ks\u00e9g\u00fcnk \u0150rei &#8211; Fogadj \u00f6r\u00f6kbe egy [&hellip;]<\/p>\n","protected":false},"author":2,"featured_media":0,"parent":0,"menu_order":0,"comment_status":"closed","ping_status":"closed","template":"","meta":{"_et_pb_use_builder":"on","_et_pb_old_content":"","_et_gb_content_width":"","footnotes":""},"class_list":["post-130","page","type-page","status-publish","hentry"],"_links":{"self":[{"href":"https:\/\/liceuldeartaoradea.ro\/maghiara\/wp-json\/wp\/v2\/pages\/130","targetHints":{"allow":["GET"]}}],"collection":[{"href":"https:\/\/liceuldeartaoradea.ro\/maghiara\/wp-json\/wp\/v2\/pages"}],"about":[{"href":"https:\/\/liceuldeartaoradea.ro\/maghiara\/wp-json\/wp\/v2\/types\/page"}],"author":[{"embeddable":true,"href":"https:\/\/liceuldeartaoradea.ro\/maghiara\/wp-json\/wp\/v2\/users\/2"}],"replies":[{"embeddable":true,"href":"https:\/\/liceuldeartaoradea.ro\/maghiara\/wp-json\/wp\/v2\/comments?post=130"}],"version-history":[{"count":18,"href":"https:\/\/liceuldeartaoradea.ro\/maghiara\/wp-json\/wp\/v2\/pages\/130\/revisions"}],"predecessor-version":[{"id":571,"href":"https:\/\/liceuldeartaoradea.ro\/maghiara\/wp-json\/wp\/v2\/pages\/130\/revisions\/571"}],"wp:attachment":[{"href":"https:\/\/liceuldeartaoradea.ro\/maghiara\/wp-json\/wp\/v2\/media?parent=130"}],"curies":[{"name":"wp","href":"https:\/\/api.w.org\/{rel}","templated":true}]}}