{"id":458,"date":"2023-01-27T17:38:27","date_gmt":"2023-01-27T17:38:27","guid":{"rendered":"https:\/\/liceuldeartaoradea.ro\/maghiara\/?page_id=458"},"modified":"2023-06-18T12:39:30","modified_gmt":"2023-06-18T12:39:30","slug":"diakok-buszkesegeink","status":"publish","type":"page","link":"https:\/\/liceuldeartaoradea.ro\/maghiara\/diakok-buszkesegeink\/","title":{"rendered":"Di\u00e1kok &#8211; B\u00fcszkes\u00e9geink"},"content":{"rendered":"<p>[et_pb_section fb_built=&#8221;1&#8243; _builder_version=&#8221;4.19.1&#8243; _module_preset=&#8221;default&#8221; global_colors_info=&#8221;{}&#8221;][et_pb_row _builder_version=&#8221;4.19.1&#8243; _module_preset=&#8221;default&#8221; global_colors_info=&#8221;{}&#8221;][et_pb_column type=&#8221;4_4&#8243; _builder_version=&#8221;4.19.1&#8243; _module_preset=&#8221;default&#8221; global_colors_info=&#8221;{}&#8221;][et_pb_text _builder_version=&#8221;4.19.1&#8243; _module_preset=&#8221;default&#8221; header_2_font=&#8221;Prata||||||||&#8221; header_2_font_size=&#8221;45px&#8221; global_colors_info=&#8221;{}&#8221;]<\/p>\n<h2>Di\u00e1kok &#8211; B\u00fcszkes\u00e9geink<\/h2>\n<p>[\/et_pb_text][et_pb_text _builder_version=&#8221;4.19.1&#8243; _module_preset=&#8221;default&#8221; custom_padding=&#8221;0px|||||&#8221; global_colors_info=&#8221;{}&#8221;]<\/p>\n<h3>2022 &#8211; 2023 -AS TAN\u00c9V<\/h3>\n<p><span>Kiv\u00e1l\u00f3 eredm\u00e9nyeket \u00e9rtek el a nagyv\u00e1radi M\u0171v\u00e9szeti L\u00edceum di\u00e1kjai a Kriza J\u00e1nos Orsz\u00e1gos Balladamond\u00f3, Ballada\u00e9nekl\u0151 \u00e9s Mesemond\u00f3 Verseny megyei szakasz\u00e1n, amely okt\u00f3ber 19-\u00e9n a Lor\u00e1ntffy Zsuzsanna Reform\u00e1tus Gimn\u00e1ziumban zajlott le. A m\u0171v\u00e9szetis di\u00e1kok k\u00e9t els\u0151 \u00e9s egy m\u00e1sodik d\u00edjban r\u00e9szes\u00fcltek. A d\u00edjazottak: <strong>G\u00e1l Hanna VI. oszt\u00e1lyos (I. d\u00edj), Bacs\u00f3 \u00c1gnes VII. oszt\u00e1lyos (I. d\u00edj) \u00e9s Krist\u00e1ly Viola VII. oszt\u00e1lyos (II. d\u00edj) tanul\u00f3k<\/strong>. A versenyen nagyon \u00fcgyesen szerepelt minden m\u0171v\u00e9szetis di\u00e1k: De\u00e1k Aliz \u00e9s Gyulai Naomi (V. oszt\u00e1ly), Meleg N\u00f3ra \u00e9s Risk\u00f3 Mirj\u00e1m (VIII. oszt\u00e1ly). A verseny orsz\u00e1gos d\u00f6nt\u0151j\u00e9t novemberben szervezik meg Sepsiszentgy\u00f6rgy\u00f6n.<\/span><\/p>\n<p>[\/et_pb_text][et_pb_video_slider _builder_version=&#8221;4.19.1&#8243; _module_preset=&#8221;default&#8221; hover_enabled=&#8221;0&#8243; sticky_enabled=&#8221;0&#8243;][et_pb_video_slider_item src=&#8221;https:\/\/www.youtube.com\/watch?v=huiLVKbT1go&#8221; _builder_version=&#8221;4.19.1&#8243; _module_preset=&#8221;default&#8221; show_image_overlay=&#8221;off&#8221; hover_enabled=&#8221;0&#8243; sticky_enabled=&#8221;0&#8243;][\/et_pb_video_slider_item][et_pb_video_slider_item src=&#8221;https:\/\/www.youtube.com\/watch?v=Jtu1coyG5a8&#8243; _builder_version=&#8221;4.19.1&#8243; _module_preset=&#8221;default&#8221; show_image_overlay=&#8221;off&#8221; hover_enabled=&#8221;0&#8243; sticky_enabled=&#8221;0&#8243;][\/et_pb_video_slider_item][et_pb_video_slider_item src=&#8221;https:\/\/www.youtube.com\/watch?v=twJYibZx8G0&#8243; _builder_version=&#8221;4.19.1&#8243; _module_preset=&#8221;default&#8221; show_image_overlay=&#8221;off&#8221; hover_enabled=&#8221;0&#8243; sticky_enabled=&#8221;0&#8243;][\/et_pb_video_slider_item][et_pb_video_slider_item src=&#8221;https:\/\/www.youtube.com\/watch?v=STtc8_V4REo&#8221; _builder_version=&#8221;4.19.1&#8243; _module_preset=&#8221;default&#8221; show_image_overlay=&#8221;off&#8221; hover_enabled=&#8221;0&#8243; sticky_enabled=&#8221;0&#8243;][\/et_pb_video_slider_item][\/et_pb_video_slider][et_pb_divider _builder_version=&#8221;4.19.1&#8243; _module_preset=&#8221;default&#8221; color=&#8221;#AFAFAF&#8221; hover_enabled=&#8221;0&#8243; sticky_enabled=&#8221;0&#8243;][\/et_pb_divider][et_pb_text _builder_version=&#8221;4.19.1&#8243; _module_preset=&#8221;default&#8221; global_colors_info=&#8221;{}&#8221;]<\/p>\n<h3>2021 &#8211; 2022 -ES TAN\u00c9V<\/h3>\n<p>Iskol\u00e1nk di\u00e1kjai kimagasl\u00f3 eredm\u00e9nyeket \u00e9rtek el az olimpi\u00e1k \u00e9s versenyek megyei, illetve region\u00e1lis szakaszain. T\u00f6bbs\u00e9g\u00fck tov\u00e1bbjutott az orsz\u00e1gos megm\u00e9rettet\u00e9sre is.<\/p>\n<p>A Mikes Kelemen magyar nyelv \u00e9s irodalom tant\u00e1rgyverseny megyei szakasz\u00e1n els\u0151 helyen v\u00e9gzett <strong>G\u00e1l Hanna (V. C)<\/strong>, illetve harmadik lett <strong>Herman R\u00f3za (V. C)<\/strong> \u00e9s <strong>V\u00e1nyovszki M\u00fazsa-Lukr\u00e9cia (XI. E)<\/strong>. <strong>G\u00e1l Hanna<\/strong> ugyanakkor a Vid\u00e1m Versek versmond\u00f3 verseny\u00e9nek k\u00f6rzeti \u00e9s megyei szakasz\u00e1nak I. d\u00edjazottja, orsz\u00e1gosan pedig dics\u00e9retben r\u00e9szes\u00fclt. <strong>Keser\u0171 M\u00e1rton (V. C)<\/strong> a Simonyi Zsigmond helyes\u00edr\u00e1si verseny megyei III. helyezettje, valamennyi di\u00e1k felk\u00e9sz\u00edt\u0151 tan\u00e1ra Mados Andrea. <strong>Ferencz Istv\u00e1n (VII. C)<\/strong> megnyerte a hangszeresek (heged\u0171) olimpia megyei szakasz\u00e1t, valamint a region\u00e1lis szakaszon III. d\u00edjban r\u00e9szes\u00fclt, a felk\u00e9sz\u00edt\u0151 tan\u00e1ra Lupse Anita Laura. <strong>Bereczki Barbara (XI. D)<\/strong> a k\u00e9pz\u0151m\u0171v\u00e9szet (grafika) olimpia megyei szakasz\u00e1nak I. helyezettje lett, felk\u00e9sz\u00edt\u0151 tan\u00e1ra Klein Ioana. <strong>P\u00e9ter Rebeka (XI. E)<\/strong> \u2013 felk\u00e9sz\u00edt\u0151 tan\u00e1ra B\u00edr\u00f3 Anett \u2013 \u00e9s <strong>Major Bernadette (XII. E)<\/strong> \u2013 felk\u00e9sz\u00edt\u0151 tan\u00e1rai R\u00e1cz Eliza \u00e9s Brejea Ionu\u021b \u2013 megnyert\u00e9k a m\u0171\u00e9p\u00edt\u00e9szet (formatervez\u00e9s, illetve \u00e9p\u00edt\u00e9szet) olimpia megyei szakasz\u00e1t. <strong>Kov\u00e1cs D\u00f3ra (V. C)<\/strong> a matematika nagyolimpia megyei szakasz\u00e1n IV. lett, illetve rom\u00e1n nyelv \u00e9s irodalomb\u00f3l szint\u00e9n, a felk\u00e9sz\u00edt\u0151 tan\u00e1rai Negru Andrea \u00e9s Toma Florina.<\/p>\n<p>A rom\u00e1niai magyar kisebbs\u00e9g t\u00f6rt\u00e9nelme \u00e9s hagyom\u00e1nyai olimpia megyei szakasz\u00e1nak I. helyezettjei lettek <strong>Kigy\u00f3si Vikt\u00f3ria<\/strong> \u00e9s <strong>Kuzep\u00e1n R\u00e9ka<\/strong>, harmadikok <strong>Gergely Csongor<\/strong> \u00e9s <strong>P\u00e1l D\u00e1vid<\/strong> \u2013 valamennyien VII. C-sek, felk\u00e9sz\u00edt\u0151 tan\u00e1ruk K\u00e9menes M\u00f3nika. Taroltak a hangszeresek is: <strong>Szak\u00e1cs Panna (VIII. C)<\/strong> a fuvolaolimpia megyei, valamint region\u00e1lis szakasz\u00e1nak I. helyezettje, felk\u00e9sz\u00edt\u0151 tan\u00e1ra Mircescu Georgiana; <strong>Jur\u0103u Izabella (VI. C)<\/strong> a zongoraolimpia megyei szakasz\u00e1nak I. helyezettje, valamint a region\u00e1lis szakaszon dics\u00e9retben r\u00e9szes\u00fclt, felk\u00e9sz\u00edt\u0151 tan\u00e1ra Ferencz Merc\u00e9desz; <strong>Bencz\u00e9di Krist\u00f3f (XI. E)<\/strong> a zongoraolimpia megyei szakasz\u00e1nak I. helyezettje, felk\u00e9sz\u00edt\u0151 tan\u00e1ra Rad\u00f3 Judit. <strong>Coz\u00e1k D\u00e1vid (XI. E)<\/strong>, a heged\u0171olimpia megyei szakasz\u00e1nak II. helyezettje, felk\u00e9sz\u00edt\u0151 tan\u00e1ra Lupse Anita Laura; <strong>Ghitea Bal\u00e1zs (VIII. C)<\/strong> a zongora olimpia megyei szakasz\u00e1nak II. helyezettje, felk\u00e9sz\u00edt\u0151 tan\u00e1ra Bencz\u00e9di M\u00f3nika.<\/p>\n<p>A Teleki P\u00e1l f\u00f6ldrajz-f\u00f6ldtan verseny megyei szakasz\u00e1n els\u0151 lett <strong>Berecki Zs\u00f3fia (VIII. C)<\/strong>, m\u00e1sodikok <strong>Em\u0151di M\u00e1ty\u00e1s<\/strong> \u00e9s <strong>Szarka D\u00e1vid (VII. C)<\/strong>, valamint <strong>Varga R\u00e9ka (VIII. C)<\/strong>, mindegyik\u00fck felk\u00e9sz\u00edt\u0151 tan\u00e1ra De\u00e1k Ir\u00e9n. <strong>Meleg N\u00f3ra (VII. C)<\/strong> a reform\u00e1tus vall\u00e1solimpia megyei szakasz\u00e1nak III. helyezettje lett, felk\u00e9sz\u00edt\u0151 tan\u00e1ra Szil\u00e1gyi Judit.<\/p>\n<p><strong>F\u00fczesi S\u00e1ra (VII. C)<\/strong> a Czerny zongoraverseny I. helyezettje (zongora mell\u00e9kszak), felk\u00e9sz\u00edt\u0151 tan\u00e1ra Medv\u00e9ssy M\u00f3nika; <strong>Bacs\u00f3 \u00c1gnes (VI. C)<\/strong> a Hajnal akar lenni K\u00e1rp\u00e1t-medencei N\u00e9pdal\u00e9nekl\u00e9si verseny Arany fokozat\u00e1t nyerte el; <strong>Szak\u00e1cs Kata (XII. E)<\/strong> az Atlantisz harangoz orsz\u00e1gos versmond\u00f3 vet\u00e9lked\u0151n III. d\u00edjban r\u00e9szes\u00fclt, felk\u00e9sz\u00edt\u0151 tan\u00e1ra Mados Andrea; <strong><span style=\"color: #ff0000;\">Ilisz Dominik (XII. E)\u00a0pedig megnyerte a Konstancai Nemzetk\u00f6zi Zongoraversenyt, a felk\u00e9sz\u00edt\u0151 tan\u00e1ra J\u00e1mbor Fekete Erzs\u00e9bet.<\/span><\/strong><\/p>\n<p>[\/et_pb_text][et_pb_image src=&#8221;https:\/\/liceuldeartaoradea.ro\/maghiara\/wp-content\/uploads\/2023\/01\/Buszkesegeink-2021-2022.jpg&#8221; title_text=&#8221;Buszkesegeink 2021-2022&#8243; _builder_version=&#8221;4.19.1&#8243; _module_preset=&#8221;default&#8221; box_shadow_style=&#8221;preset1&#8243; global_colors_info=&#8221;{}&#8221;][\/et_pb_image][et_pb_text _builder_version=&#8221;4.19.1&#8243; _module_preset=&#8221;default&#8221; custom_padding=&#8221;0px|||||&#8221; global_colors_info=&#8221;{}&#8221;]<\/p>\n<p style=\"text-align: center;\"><em>Ezek az eredm\u00e9nyek mind azt bizony\u00edtj\u00e1k, hogy a M\u0171v\u00e9szeti L\u00edceumban ugyanolyan szinten biztos\u00edtott a sz\u00ednvonalas oktat\u00e1s \u00e9s nevel\u00e9s a m\u0171v\u00e9szeti tant\u00e1rgyak mellett a t\u00f6bbi k\u00f6telez\u0151, kerettantervben szerepl\u0151 hagyom\u00e1nyos tant\u00e1rgy eset\u00e9ben is. K\u00fcl\u00f6n dics\u00e9ret \u00e9s tisztelet illeti a felk\u00e9sz\u00edt\u0151 tan\u00e1rokat is, akik kimagasl\u00f3 tud\u00e1sukkal nap mint nap a lehet\u0151 legjobbat hozz\u00e1k ki a di\u00e1kokb\u00f3l.<\/em><\/p>\n<p>[\/et_pb_text][et_pb_divider color=&#8221;#AFAFAF&#8221; _builder_version=&#8221;4.19.1&#8243; _module_preset=&#8221;default&#8221; global_colors_info=&#8221;{}&#8221;][\/et_pb_divider][et_pb_text _builder_version=&#8221;4.19.1&#8243; _module_preset=&#8221;default&#8221; global_colors_info=&#8221;{}&#8221;]<\/p>\n<h3>SZEMELV\u00c9NYEK OKLEVELEINKB\u0150L<\/h3>\n<p>[\/et_pb_text][et_pb_gallery gallery_ids=&#8221;744,755,767,745,687,746,747,751,749,752,750,688,748&#8243; _builder_version=&#8221;4.19.1&#8243; _module_preset=&#8221;default&#8221; title_font_size=&#8221;14px&#8221; box_shadow_style_image=&#8221;preset1&#8243; global_colors_info=&#8221;{}&#8221;][\/et_pb_gallery][\/et_pb_column][\/et_pb_row][\/et_pb_section]<\/p>\n","protected":false},"excerpt":{"rendered":"<p>Di\u00e1kok &#8211; B\u00fcszkes\u00e9geink2022 &#8211; 2023 -AS TAN\u00c9V Kiv\u00e1l\u00f3 eredm\u00e9nyeket \u00e9rtek el a nagyv\u00e1radi M\u0171v\u00e9szeti L\u00edceum di\u00e1kjai a Kriza J\u00e1nos Orsz\u00e1gos Balladamond\u00f3, Ballada\u00e9nekl\u0151 \u00e9s Mesemond\u00f3 Verseny megyei szakasz\u00e1n, amely okt\u00f3ber 19-\u00e9n a Lor\u00e1ntffy Zsuzsanna Reform\u00e1tus Gimn\u00e1ziumban zajlott le. A m\u0171v\u00e9szetis di\u00e1kok k\u00e9t els\u0151 \u00e9s egy m\u00e1sodik d\u00edjban r\u00e9szes\u00fcltek. A d\u00edjazottak: G\u00e1l Hanna VI. oszt\u00e1lyos (I. d\u00edj), [&hellip;]<\/p>\n","protected":false},"author":2,"featured_media":0,"parent":0,"menu_order":0,"comment_status":"closed","ping_status":"closed","template":"","meta":{"_et_pb_use_builder":"on","_et_pb_old_content":"<!-- wp:divi\/placeholder \/-->","_et_gb_content_width":"","footnotes":""},"class_list":["post-458","page","type-page","status-publish","hentry"],"_links":{"self":[{"href":"https:\/\/liceuldeartaoradea.ro\/maghiara\/wp-json\/wp\/v2\/pages\/458","targetHints":{"allow":["GET"]}}],"collection":[{"href":"https:\/\/liceuldeartaoradea.ro\/maghiara\/wp-json\/wp\/v2\/pages"}],"about":[{"href":"https:\/\/liceuldeartaoradea.ro\/maghiara\/wp-json\/wp\/v2\/types\/page"}],"author":[{"embeddable":true,"href":"https:\/\/liceuldeartaoradea.ro\/maghiara\/wp-json\/wp\/v2\/users\/2"}],"replies":[{"embeddable":true,"href":"https:\/\/liceuldeartaoradea.ro\/maghiara\/wp-json\/wp\/v2\/comments?post=458"}],"version-history":[{"count":15,"href":"https:\/\/liceuldeartaoradea.ro\/maghiara\/wp-json\/wp\/v2\/pages\/458\/revisions"}],"predecessor-version":[{"id":774,"href":"https:\/\/liceuldeartaoradea.ro\/maghiara\/wp-json\/wp\/v2\/pages\/458\/revisions\/774"}],"wp:attachment":[{"href":"https:\/\/liceuldeartaoradea.ro\/maghiara\/wp-json\/wp\/v2\/media?parent=458"}],"curies":[{"name":"wp","href":"https:\/\/api.w.org\/{rel}","templated":true}]}}