{"id":87,"date":"2021-05-19T14:56:49","date_gmt":"2021-05-19T14:56:49","guid":{"rendered":"http:\/\/liceuldeartaoradea.ro\/maghiara\/?page_id=87"},"modified":"2026-04-14T16:30:22","modified_gmt":"2026-04-14T16:30:22","slug":"liceum-muepiteszet","status":"publish","type":"page","link":"https:\/\/liceuldeartaoradea.ro\/maghiara\/liceum-muepiteszet\/","title":{"rendered":"L\u00edceum &#8211; M\u0171\u00e9pit\u00e9szet"},"content":{"rendered":"<p>[et_pb_section fb_built=&#8221;1&#8243; admin_label=&#8221;Header&#8221; _builder_version=&#8221;4.19.1&#8243; background_enable_image=&#8221;off&#8221; background_size=&#8221;initial&#8221; background_repeat=&#8221;repeat&#8221; global_colors_info=&#8221;{}&#8221;][et_pb_row _builder_version=&#8221;4.19.1&#8243; _module_preset=&#8221;default&#8221; global_colors_info=&#8221;{}&#8221;][et_pb_column type=&#8221;4_4&#8243; _builder_version=&#8221;4.19.1&#8243; _module_preset=&#8221;default&#8221; global_colors_info=&#8221;{}&#8221;][et_pb_text _builder_version=&#8221;4.19.1&#8243; text_font=&#8221;||||||||&#8221; header_font=&#8221;||||||||&#8221; header_2_font=&#8221;Prata|500|||||||&#8221; header_2_text_align=&#8221;left&#8221; header_2_font_size=&#8221;45px&#8221; header_2_line_height=&#8221;1.3em&#8221; transform_translate_linked=&#8221;off&#8221; max_width=&#8221;100%&#8221; max_width_tablet=&#8221;70%&#8221; max_width_last_edited=&#8221;off|phone&#8221; header_2_font_size_tablet=&#8221;45px&#8221; header_2_font_size_phone=&#8221;45px&#8221; header_2_font_size_last_edited=&#8221;on|phone&#8221; global_colors_info=&#8221;{}&#8221;]<\/p>\n<h2>L\u00edceum &#8211; M\u0171\u00e9p\u00edt\u00e9szet<\/h2>\n<p>[\/et_pb_text][et_pb_text _builder_version=&#8221;4.19.1&#8243; _module_preset=&#8221;default&#8221; global_colors_info=&#8221;{}&#8221;]<\/p>\n<p style=\"text-align: center;\"><em>\u201eMint \u00e9p\u00edt\u00e9sz, a m\u00falt tudat\u00e1ban tervezed a jelent, ami l\u00e9nyeg\u00e9ben az ismeretlen j\u00f6v\u0151.\u201d<\/em><\/p>\n<p style=\"text-align: center;\"><em> <\/em>Norman Foster<\/p>\n<p>[\/et_pb_text][et_pb_text _builder_version=&#8221;4.19.1&#8243; _module_preset=&#8221;default&#8221; global_colors_info=&#8221;{}&#8221;]<\/p>\n<h3>A\u00a0 M\u0170\u00c9P\u00cdT\u00c9SZETI SZAK R\u00d6VID BEMUTAT\u00c1SA<\/h3>\n<p>A Nagyv\u00e1radi M\u0171v\u00e9szeti L\u00edceum m\u0171\u00e9p\u00edt\u00e9szeti szak\u00e1n a di\u00e1kok egyar\u00e1nt r\u00e9szes\u00fclnek elm\u00e9leti \u00e9s a m\u00fchely\u00f3r\u00e1k keret\u00e9n bel\u00fcl gyakorlati oktat\u00e1sban is.<\/p>\n<p>A gyakorlati \u00f3r\u00e1kon szabad k\u00e9zi kreat\u00edv k\u00e9pz\u0151m\u0171v\u00e9szeti alkot\u00e1sok \u00e9s kompoz\u00edci\u00f3k mellett m\u0171\u00e9p\u00edt\u00e9szeti \u00e9s m\u00e1s tervez\u0151 projekteket, k\u00fcls\u0151 \u00e9s bels\u0151 l\u00e1tv\u00e1nyterveket, m\u0171szaki rajzokat k\u00e9sz\u00edtenek a tanul\u00f3k. A di\u00e1koknak lehet\u0151s\u00e9g\u00fck van megismerkedni a sz\u00e1m\u00edt\u00f3g\u00e9pes k\u00e9pfeldolgoz\u00e1s eszk\u00f6zeivel, valamint az agyag-modellez\u00e9s \u00e9s a makettk\u00e9sz\u00edt\u00e9s alapjaival is.<\/p>\n<p>A tanterv r\u00e9sze, hogy a di\u00e1kok elm\u00e9ly\u00edts\u00e9k a m\u0171szaki rajzok olvas\u00e1s\u00e1t \u00e9s rajzol\u00e1s\u00e1t. A m\u0171hely\u00f3r\u00e1k keret\u00e9n bel\u00fcl a tanul\u00f3k elsaj\u00e1t\u00edthatj\u00e1k a m\u0171t\u00e1rgyak kreat\u00edv megtervez\u00e9s\u00e9t, azok m\u0171v\u00e9szeti \u00e9s m\u0171szaki \u00e1br\u00e1zol\u00e1s\u00e1t, \u00e9s a megtervezett m\u0171t\u00e1rgyak megjelen\u00edt\u00e9s\u00e9t makett form\u00e1j\u00e1ban.<\/p>\n<p>IX. \u00e9s X. oszt\u00e1lyban \u00e1ltal\u00e1nos m\u0171\u00e9p\u00edt\u00e9szetet tanulnak di\u00e1kjaink, XI. oszt\u00e1lyt\u00f3l pedig a k\u00f6vetkez\u0151 szakokra lehet jelentkezni (ezek a szakcsoportok m\u0171k\u00f6dnek jelenleg iskol\u00e1nkban):<\/p>\n<p>&nbsp;<\/p>\n<h3>SZAKOSOD\u00c1S<\/h3>\n<h4>A. \u00c9p\u00edt\u00e9szet szakosod\u00e1s<\/h4>\n<p>[\/et_pb_text][et_pb_gallery gallery_ids=&#8221;853,260,261,585&#8243; show_pagination=&#8221;off&#8221; _builder_version=&#8221;4.19.1&#8243; _module_preset=&#8221;default&#8221; title_font_size=&#8221;14px&#8221; box_shadow_style_image=&#8221;preset1&#8243; global_colors_info=&#8221;{}&#8221;][\/et_pb_gallery][et_pb_text _builder_version=&#8221;4.19.1&#8243; _module_preset=&#8221;default&#8221; global_colors_info=&#8221;{}&#8221;]<\/p>\n<h4>B. Diz\u00e1jn szakosod\u00e1s<\/h4>\n<p>[\/et_pb_text][et_pb_gallery gallery_ids=&#8221;369,371,370,378&#8243; _builder_version=&#8221;4.19.1&#8243; _module_preset=&#8221;default&#8221; title_font_size=&#8221;14px&#8221; box_shadow_style_image=&#8221;preset1&#8243; global_colors_info=&#8221;{}&#8221;][\/et_pb_gallery][et_pb_video_slider _builder_version=&#8221;4.19.1&#8243; _module_preset=&#8221;default&#8221; global_colors_info=&#8221;{}&#8221;][et_pb_video_slider_item src=&#8221;https:\/\/youtu.be\/tIIhCLbgwNQ&#8221; _builder_version=&#8221;4.19.1&#8243; _module_preset=&#8221;default&#8221; global_colors_info=&#8221;{}&#8221; show_image_overlay=&#8221;off&#8221;][\/et_pb_video_slider_item][et_pb_video_slider_item src=&#8221;https:\/\/youtu.be\/uA5ieuhrVJU&#8221; src_webm=&#8221;https:\/\/youtu.be\/tIIhCLbgwNQ&#8221; _builder_version=&#8221;4.19.1&#8243; _module_preset=&#8221;default&#8221; global_colors_info=&#8221;{}&#8221; show_image_overlay=&#8221;off&#8221;][\/et_pb_video_slider_item][et_pb_video_slider_item src=&#8221;https:\/\/youtu.be\/IeODBil7-zI&#8221; _builder_version=&#8221;4.19.1&#8243; _module_preset=&#8221;default&#8221; global_colors_info=&#8221;{}&#8221; show_image_overlay=&#8221;off&#8221;][\/et_pb_video_slider_item][\/et_pb_video_slider][et_pb_text _builder_version=&#8221;4.19.1&#8243; _module_preset=&#8221;default&#8221; global_colors_info=&#8221;{}&#8221;]<\/p>\n<p>A di\u00e1kok iskolai ki\u00e1ll\u00edt\u00e1sokon \u00e9s p\u00e1ly\u00e1zatokon bizony\u00edthatj\u00e1k tehets\u00e9g\u00fcket. Az iskolai program keret\u00e9n bel\u00fcl kir\u00e1ndul\u00e1sokat szervez\u00fcnk fontosabb m\u0171\u00e9p\u00edt\u00e9szeti m\u0171eml\u00e9kek megtekint\u00e9se \u00e9rdek\u00e9ben.<\/p>\n<p>&nbsp;<\/p>\n<h3>A M\u0170\u00c9P\u00cdT\u00c9SZ SZAKKAL J\u00c1R\u00d3 EL\u0150NY\u00d6K<\/h3>\n<p>A m\u0171\u00e9p\u00edt\u00e9szeti szakunkon v\u00e9gzett di\u00e1kok el\u0151nyben vannak amennyiben m\u0171\u00e9p\u00edt\u00e9szet, bels\u0151\u00e9p\u00edt\u00e9szet, kert\u00e9p\u00edt\u00e9szet, urbanisztika vagy diz\u00e1jn szakon k\u00edv\u00e1nnak tov\u00e1bbtanulni. Iskol\u00e1nk programja magas szinten felk\u00e9sz\u00edti a di\u00e1kokat a fels\u0151oktat\u00e1si int\u00e9zm\u00e9nyekbe t\u00f6rt\u00e9n\u0151 felv\u00e9telire, \u00e9s az \u00f3r\u00e1inkon elsaj\u00e1t\u00edtott tud\u00e1s biztos talajt fog ny\u00fajtani sz\u00e1mukra az els\u0151 egyetemi \u00e9vekben.<\/p>\n<p>&nbsp;<\/p>\n<h3>MEGSZEREZHET\u0150 SZAKK\u00c9PES\u00cdT\u00c9S<\/h3>\n<p>Di\u00e1kaink a n\u00e9gy\u00e9ves ciklus v\u00e9g\u00e9n k\u00fcl\u00f6n szakvizsg\u00e1t tehetnek (rom\u00e1n nyelven Atestat profesional). Az \u00edgy megszerzett oklev\u00e9l plusz k\u00e9pes\u00edt\u00e9st jelent sz\u00e1mukra, \u00e9s lehet\u0151s\u00e9get ny\u00fajt nekik k\u00f6nnyebben elhelyezkedni a munkapiacon.<\/p>\n<p>[\/et_pb_text][et_pb_gallery gallery_ids=&#8221;728,259,373,374,727,258&#8243; orientation=&#8221;portrait&#8221; _builder_version=&#8221;4.19.1&#8243; _module_preset=&#8221;default&#8221; title_font_size=&#8221;14px&#8221; box_shadow_style_image=&#8221;preset1&#8243; global_colors_info=&#8221;{}&#8221;][\/et_pb_gallery][et_pb_divider color=&#8221;#8F8F8F&#8221; divider_position=&#8221;center&#8221; _builder_version=&#8221;4.19.1&#8243; _module_preset=&#8221;default&#8221; global_colors_info=&#8221;{}&#8221;][\/et_pb_divider][et_pb_text _builder_version=&#8221;4.19.1&#8243; _module_preset=&#8221;default&#8221; global_colors_info=&#8221;{}&#8221;]<\/p>\n<h3>TUDNIVAL\u00d3K A M\u0170\u00c9P\u00cdT\u00c9SZETI SZAKRA JELENTKEZ\u0150 DI\u00c1KOK K\u00c9PESS\u00c9GFELM\u00c9R\u0150 VIZSG\u00c1J\u00c1R\u00d3L<\/h3>\n<p>A felv\u00e9teli\u00a0<strong>szakmai alkalmass\u00e1gi vizsga (tehets\u00e9gpr\u00f3ba)<\/strong> alapj\u00e1n t\u00f6rt\u00e9nik. A m\u0171\u00e9p\u00edt\u00e9szeti szakra jelentkez\u0151knek a k\u00f6vetkez\u0151 pr\u00f3b\u00e1kon kell r\u00e9szt venni:<\/p>\n<p>&nbsp;<\/p>\n<h4>A. Vizu\u00e1lis percepci\u00f3 pr\u00f3ba<\/h4>\n<p>Csend\u00e9let: k\u00e9t vagy maximum h\u00e1rom t\u00e1rgy lerajzol\u00e1sa (geometriai form\u00e1k).<\/p>\n<p>Fontos a hengeres \u00e9s sz\u00f6gletes t\u00e1rgyak formailag helyes \u00e1br\u00e1zol\u00e1sa, t\u00e9rbelis\u00e9g, t\u00f3nusoz\u00e1s, k\u00e9pi elhelyez\u00e9s.<\/p>\n<p>Ennek elk\u00e9sz\u00edt\u00e9s\u00e9hez a felv\u00e9teliz\u0151 di\u00e1kok grafitceruz\u00e1t vagy szenet v\u00e1laszthatnak.<\/p>\n<p>\u00c9rt\u00e9kel\u00e9si szempont: kompoz\u00edci\u00f3, t\u00e9rbeli, ar\u00e1nybeli, szerkezeti, t\u00f3nusbeli pontoss\u00e1g.<\/p>\n<p>Munkaid\u0151: 5 \u00f3ra.<\/p>\n<p>&nbsp;<\/p>\n<h4>B. Kreativit\u00e1s pr\u00f3ba<\/h4>\n<p>Egy adott m\u0171\u00e9p\u00edt\u00e9szeti t\u00e9m\u00e1ra k\u00e9sz\u00fclt kompoz\u00edci\u00f3 (\u00e9p\u00fcletek k\u00fcls\u0151 vagy bels\u0151 \u00e1br\u00e1zol\u00e1sa),<span>\u00a0akrilfest\u00e9k, sz\u00ednes ceruza, tempera vagy vegyes tekhnika seg\u00edts\u00e9g\u00e9vel<\/span>.<\/p>\n<p>Ennek elk\u00e9sz\u00edt\u00e9s\u00e9hez a felv\u00e9teliz\u0151 di\u00e1kok haszn\u00e1lhatnak akrilfest\u00e9ket vagy temper\u00e1t.<\/p>\n<p>\u00c9rt\u00e9kel\u00e9si szempont: kreativit\u00e1s, t\u00e9rbeli, ar\u00e1nybeli, szerkezeti helyess\u00e9g, a l\u00e1tv\u00e1ny sz\u00edngazdags\u00e1g\u00e1nak \u00e9rz\u00e9keny megjelen\u00edt\u00e9se.<\/p>\n<p>Munkaid\u0151: 5 \u00f3ra.<\/p>\n<p>&nbsp;<\/p>\n<h4>A felv\u00e9teli vizsga sor\u00e1n sz\u00fcks\u00e9ges eszk\u00f6z\u00f6k:<\/h4>\n<p><strong>VIZU\u00c1LIS PERCEPCI\u00d3 PR\u00d3BA:\u00a0<\/strong>Egy A3-as form\u00e1tum\u00fa rajzt\u00f6mb, pap\u00edrhoz val\u00f3 cellux (scotch), rajzhoz val\u00f3 B t\u00edpus\u00fa grafitceruz\u00e1k, vagy sz\u00e9n darabok \u00e9s amennyiben sz\u00e9nnel rajzolnak a di\u00e1kok r\u00f6gz\u00edt\u0151kre (rajzlapcsipeszekre) is sz\u00fcks\u00e9g\u00fck lesz.<\/p>\n<p><strong>KREATIVIT\u00c1S PR\u00d3BA:\u00a0<\/strong>Egy A3-as form\u00e1tum\u00fa rajzt\u00f6mb, pap\u00edrhoz val\u00f3 cellux (scotch), v\u00e1lasztott technika szerint sz\u00ednes ceruz\u00e1k, v\u00edzzel old\u00f3d\u00f3 fest\u00e9kek (pld. akril, tempera, v\u00edzfest\u00e9k), k\u00fcl\u00f6nb\u00f6z\u0151 m\u00e9ret\u00fb ecsetek, vizes ed\u00e9ny, fest\u00e9kkever\u00e9shez alkalmas paletta.<\/p>\n<p>&nbsp;<\/p>\n<p>[\/et_pb_text][et_pb_gallery gallery_ids=&#8221;702,703,706,707&#8243; _builder_version=&#8221;4.19.1&#8243; _module_preset=&#8221;default&#8221; title_font_size=&#8221;14px&#8221; box_shadow_style_image=&#8221;preset1&#8243; global_colors_info=&#8221;{}&#8221;][\/et_pb_gallery][et_pb_text _builder_version=&#8221;4.19.1&#8243; _module_preset=&#8221;default&#8221; global_colors_info=&#8221;{}&#8221;]<\/p>\n<h3>INGYENES FELK\u00c9SZ\u00cdT\u0150 A TEHETS\u00c9GFELM\u00c9R\u0150 PR\u00d3B\u00c1KRA<\/h3>\n<p><strong>Iskol\u00e1nk tan\u00e1rai ingyenes felk\u00e9sz\u00edt\u0151ket tartanak a felv\u00e9teli vizsga el\u0151tt, 2024. \u00e1prilis h\u00f3nap folyam\u00e1n, d\u00e9lut\u00e1nonk\u00e9nt (a pontos id\u0151beoszt\u00e1s iskol\u00e1nk hirdet\u0151t\u00e1bl\u00e1j\u00e1n lesz kif\u00fcggesztve m\u00e1rcius v\u00e9g\u00e9n, valamint honlapunkon is megjelenik).<\/strong><\/p>\n<p><strong><span style=\"color: #e02b20;\">Az ingyenes felk\u00e9sz\u00edt\u0151k id\u0151pontjai<\/span><\/strong> &#8212;<\/p>\n<table width=\"100%\" border=\"0\" style=\"width: 100%;\">\n<tbody>\n<tr style=\"height: 24px;\">\n<td style=\"height: 24px;\"><b>Tant\u00e1rgy <\/b><\/td>\n<td style=\"height: 24px;\"><b>A felk\u00e9sz\u00edt\u0151 napja <\/b><\/td>\n<td style=\"height: 24px;\"><b>Id\u0151pont <\/b><\/td>\n<td style=\"height: 24px;\"><b>Terem <\/b><\/td>\n<td style=\"height: 24px;\"><b>Felk\u00e9sz\u00edt\u0151 tan\u00e1r<\/b><\/td>\n<\/tr>\n<tr style=\"height: 24px;\">\n<td style=\"height: 24px;\"><b>SZ\u00cdN KOMPOZ\u00cdCI\u00d3,<br \/>AGYAGOZ\u00c1S (MINT\u00c1Z\u00c1S, SZOBR\u00c1SZAT)<\/b><\/td>\n<td style=\"height: 24px;\">&#8212;<\/td>\n<td style=\"height: 24px;\">15-17 \u00f3ra k\u00f6z\u00f6tt<\/td>\n<td style=\"height: 24px;\">&#8212;<\/td>\n<td style=\"height: 24px;\">&#8212;<\/td>\n<\/tr>\n<tr style=\"height: 24px;\">\n<td style=\"height: 24px;\"><b>RAJZ<\/b><\/td>\n<td style=\"height: 24px;\">&#8212;<\/td>\n<td style=\"height: 24px;\">15-17 \u00f3ra k\u00f6z\u00f6tt<\/td>\n<td style=\"height: 24px;\">&#8212;<\/td>\n<td style=\"height: 24px;\">&#8212;<\/td>\n<\/tr>\n<tr style=\"height: 24px;\">\n<td style=\"height: 24px;\"><b>SZ\u00cdN KOMPOZ\u00cdCI\u00d3,<br \/>AGYAGOZ\u00c1S (MINT\u00c1Z\u00c1S, SZOBR\u00c1SZAT)<\/b><\/td>\n<td style=\"height: 24px;\">&#8212;<\/td>\n<td style=\"height: 24px;\">15-17 \u00f3ra k\u00f6z\u00f6tt<\/td>\n<td style=\"height: 24px;\">&#8212;<\/td>\n<td style=\"height: 24px;\">&#8212;<\/td>\n<\/tr>\n<tr style=\"height: 24px;\">\n<td style=\"height: 24px;\"><b>RAJZ<\/b><\/td>\n<td style=\"height: 24px;\">&#8212;<\/td>\n<td style=\"height: 24px;\">15-17 \u00f3ra k\u00f6z\u00f6tt<\/td>\n<td style=\"height: 24px;\">&#8212;<\/td>\n<td style=\"height: 24px;\">&#8212;<\/td>\n<\/tr>\n<\/tbody>\n<\/table>\n<p>B\u0151vebb inform\u00e1ci\u00f3k\u00e9rt h\u00edvj\u00e1k iskol\u00e1nk titk\u00e1rs\u00e1g\u00e1t: 0259 411274, valamint 0359 802307. Amennyiben magyar nyelv\u0171 t\u00e1j\u00e9koztat\u00e1st ig\u00e9nyelnek telefonon, vagy e-mailen, k\u00e9rj\u00fck jelezz\u00e9k!<\/p>\n<p>&nbsp;<\/p>\n<h3>BEIRATKOZ\u00c1S A TEHETS\u00c9GFELM\u00c9R\u0150 PR\u00d3B\u00c1KRA<\/h3>\n<p>Beiratkoz\u00e1s <span style=\"color: #ff0000;\"><strong>2026. m\u00e1jus 13.-14.-\u00e9n<span> 8 \u00e9s 16.30 k\u00f6z\u00f6tt, 15-\u00e9n 8 \u00e9s 14:00 k\u00f6z\u00f6tt<\/span><\/strong><\/span>, iskol\u00e1nk titk\u00e1rs\u00e1g\u00e1n (Nagyv\u00e1rad, Menumorut utca 33. sz\u00e1m, A \u00e9p\u00fclet, r\u00f6gt\u00f6n a bej\u00e1rat mellett).<\/p>\n<p>&nbsp;<\/p>\n<h3>A FELV\u00c9TELI ID\u0150PONTJA<\/h3>\n<p>A felv\u00e9teli <span style=\"color: #ff0000;\"><strong>2026. m\u00e1jus 18.-20.-\u00e1n<\/strong><\/span> zajlik, a k\u00f6vetkez\u0151k\u00e9ppen:<\/p>\n<ul>\n<li><span>Csend\u00e9let (k\u00e9pz\u0151m\u0171v\u00e9szet \u00e9s m\u0171\u00e9p\u00edt\u00e9szet szakra egyar\u00e1nt),<\/span><\/li>\n<li><span>A kreativit\u00e1s pr\u00f3ba k\u00e9pz\u0151m\u0171v\u00e9szet szakra (fest\u00e9szet vagy agyagoz\u00e1s),<\/span><\/li>\n<li><span>A kreativit\u00e1s pr\u00f3ba m\u0171ep\u00edt\u00e9szet szakra (kompoz\u00edci\u00f3alkot\u00e1s akrilfest\u00e9k, sz\u00ednes ceruza, tempera vagy vegyes tekhnika seg\u00edts\u00e9g\u00e9vel).<\/span><span><\/span><span><\/span><\/li>\n<\/ul>\n<p>A vizsg\u00e1k pontos id\u0151beoszt\u00e1s\u00e1t a beiratkoz\u00e1s alkalm\u00e1val k\u00f6z\u00f6lj\u00fck.<\/p>\n<p>A Csend\u00e9let elk\u00e9sz\u00edt\u00e9s\u00e9hez sz\u00fcks\u00e9ges eszk\u00f6z\u00f6k, amit hozni kell: A3-as rajzlapok (legal\u00e1bb 4 darab), grafitceruz\u00e1k (B t\u00edpus\u00fa, t\u00f6bb m\u00e9ret\u0171), rad\u00edr, cellux.<\/p>\n<p>A kreativit\u00e1s pr\u00f3b\u00e1hoz sz\u00ednes ceruz\u00e1kat, ecseteket, v\u00edzfest\u00e9ket, temper\u00e1t vagy akrill fest\u00e9ket, palett\u00e1t lapokat, vizes poharat.<\/p>\n<p>[\/et_pb_text][\/et_pb_column][\/et_pb_row][\/et_pb_section]<\/p>\n","protected":false},"excerpt":{"rendered":"<p>L\u00edceum &#8211; M\u0171\u00e9p\u00edt\u00e9szet\u201eMint \u00e9p\u00edt\u00e9sz, a m\u00falt tudat\u00e1ban tervezed a jelent, ami l\u00e9nyeg\u00e9ben az ismeretlen j\u00f6v\u0151.\u201d Norman FosterA\u00a0 M\u0170\u00c9P\u00cdT\u00c9SZETI SZAK R\u00d6VID BEMUTAT\u00c1SA A Nagyv\u00e1radi M\u0171v\u00e9szeti L\u00edceum m\u0171\u00e9p\u00edt\u00e9szeti szak\u00e1n a di\u00e1kok egyar\u00e1nt r\u00e9szes\u00fclnek elm\u00e9leti \u00e9s a m\u00fchely\u00f3r\u00e1k keret\u00e9n bel\u00fcl gyakorlati oktat\u00e1sban is. A gyakorlati \u00f3r\u00e1kon szabad k\u00e9zi kreat\u00edv k\u00e9pz\u0151m\u0171v\u00e9szeti alkot\u00e1sok \u00e9s kompoz\u00edci\u00f3k mellett m\u0171\u00e9p\u00edt\u00e9szeti \u00e9s m\u00e1s tervez\u0151 [&hellip;]<\/p>\n","protected":false},"author":2,"featured_media":0,"parent":0,"menu_order":0,"comment_status":"closed","ping_status":"closed","template":"","meta":{"_et_pb_use_builder":"on","_et_pb_old_content":"","_et_gb_content_width":"","footnotes":""},"class_list":["post-87","page","type-page","status-publish","hentry"],"_links":{"self":[{"href":"https:\/\/liceuldeartaoradea.ro\/maghiara\/wp-json\/wp\/v2\/pages\/87","targetHints":{"allow":["GET"]}}],"collection":[{"href":"https:\/\/liceuldeartaoradea.ro\/maghiara\/wp-json\/wp\/v2\/pages"}],"about":[{"href":"https:\/\/liceuldeartaoradea.ro\/maghiara\/wp-json\/wp\/v2\/types\/page"}],"author":[{"embeddable":true,"href":"https:\/\/liceuldeartaoradea.ro\/maghiara\/wp-json\/wp\/v2\/users\/2"}],"replies":[{"embeddable":true,"href":"https:\/\/liceuldeartaoradea.ro\/maghiara\/wp-json\/wp\/v2\/comments?post=87"}],"version-history":[{"count":62,"href":"https:\/\/liceuldeartaoradea.ro\/maghiara\/wp-json\/wp\/v2\/pages\/87\/revisions"}],"predecessor-version":[{"id":952,"href":"https:\/\/liceuldeartaoradea.ro\/maghiara\/wp-json\/wp\/v2\/pages\/87\/revisions\/952"}],"wp:attachment":[{"href":"https:\/\/liceuldeartaoradea.ro\/maghiara\/wp-json\/wp\/v2\/media?parent=87"}],"curies":[{"name":"wp","href":"https:\/\/api.w.org\/{rel}","templated":true}]}}