{"id":897,"date":"2025-04-25T21:07:29","date_gmt":"2025-04-25T21:07:29","guid":{"rendered":"https:\/\/liceuldeartaoradea.ro\/maghiara\/?page_id=897"},"modified":"2025-04-25T21:45:46","modified_gmt":"2025-04-25T21:45:46","slug":"ut-az-egyetemi-sikerhez","status":"publish","type":"page","link":"https:\/\/liceuldeartaoradea.ro\/maghiara\/ut-az-egyetemi-sikerhez\/","title":{"rendered":"\u00dat az egyetemi sikerhez"},"content":{"rendered":"<p>[et_pb_section fb_built=&#8221;1&#8243; _builder_version=&#8221;4.19.1&#8243; _module_preset=&#8221;default&#8221; global_colors_info=&#8221;{}&#8221;][et_pb_row column_structure=&#8221;1_2,1_2&#8243; _builder_version=&#8221;4.19.1&#8243; _module_preset=&#8221;default&#8221; global_colors_info=&#8221;{}&#8221;][et_pb_column type=&#8221;1_2&#8243; _builder_version=&#8221;4.19.1&#8243; _module_preset=&#8221;default&#8221; global_colors_info=&#8221;{}&#8221;][et_pb_text _builder_version=&#8221;4.19.1&#8243; _module_preset=&#8221;default&#8221; header_font=&#8221;||||||||&#8221; header_2_font=&#8221;Prata||||||||&#8221; header_2_font_size=&#8221;45px&#8221; custom_padding=&#8221;4px|||||&#8221; global_colors_info=&#8221;{}&#8221;]<\/p>\n<h2><strong>\u00dat az egyetemi sikerhez<\/strong><\/h2>\n<p>[\/et_pb_text][et_pb_image src=&#8221;https:\/\/liceuldeartaoradea.ro\/maghiara\/wp-content\/uploads\/2025\/04\/Ut-az-egyetemi-sikerhez.png&#8221; title_text=&#8221;Ut az egyetemi sikerhez&#8221; _builder_version=&#8221;4.19.1&#8243; _module_preset=&#8221;default&#8221; global_colors_info=&#8221;{}&#8221;][\/et_pb_image][et_pb_text _builder_version=&#8221;4.19.1&#8243; _module_preset=&#8221;default&#8221; custom_padding=&#8221;0px|||||&#8221; global_colors_info=&#8221;{}&#8221;]<\/p>\n<h2><strong>PEO 324165 \u201e\u00daT AZ EGYETEMI SIKERHEZ\u201d PROJEKT<\/strong><\/h2>\n<p><strong>A projekt c\u00edme:<\/strong> TSSS \u2013 \u00dat az egyetemi sikerhez<\/p>\n<p><strong>Finansz\u00edroz\u00e1si program:<\/strong> Oktat\u00e1si \u00e9s foglalkoztat\u00e1si program<\/p>\n<p><strong>SMIS k\u00f3d:<\/strong> 324165<\/p>\n<p><strong>A projekt id\u0151tartama:<\/strong> 2025. febru\u00e1r 1. \u2013 2027. m\u00e1jus 31. (28 h\u00f3nap)<\/p>\n<p><strong>Teljes k\u00f6lts\u00e9gvet\u00e9s:<\/strong> 7.337.348,00 RON<\/p>\n<p><strong>R\u00e9sztvev\u0151k sz\u00e1ma:<\/strong> 351 fiatal \u2013 175 k\u00f6z\u00e9piskol\u00e1s tanul\u00f3, 176 egyetemi hallgat\u00f3<\/p>\n<p><strong>F\u0151 c\u00e9lkit\u0171z\u00e9s:<\/strong><\/p>\n<p>A projekt f\u0151 c\u00e9lja a h\u00e1tr\u00e1nyos helyzet\u0171 tanul\u00f3k fels\u0151oktat\u00e1sban val\u00f3 r\u00e9szv\u00e9tel\u00e9nek \u00e9s hozz\u00e1f\u00e9r\u00e9s\u00e9nek n\u00f6vel\u00e9se. Ez az er\u0151fesz\u00edt\u00e9s hozz\u00e1j\u00e1rul a 351 fiatal foglalkoztathat\u00f3s\u00e1g\u00e1nak jav\u00edt\u00e1s\u00e1hoz a c\u00e9lcsoportb\u00f3l, ami l\u00e1that\u00f3an a fenntarthat\u00f3 siker\u00fcket seg\u00edti majd el\u0151 a munkaer\u0151piacon.<\/p>\n<p><strong>A projekt f\u0151bb kieg\u00e9sz\u00edt\u0151 el\u0151nyei:<\/strong><\/p>\n<ol>\n<li>Hozz\u00e1f\u00e9r\u00e9s felz\u00e1rk\u00f3ztat\u00f3 programokhoz a tanulm\u00e1nyi elmarad\u00e1sok p\u00f3tl\u00e1s\u00e1ra, k\u00fcl\u00f6n\u00f6s tekintettel az \u00e9retts\u00e9gi vizsg\u00e1ra val\u00f3 felk\u00e9sz\u00fcl\u00e9sre, megk\u00f6nny\u00edtve ezzel az \u00e1tmenetet a fels\u0151oktat\u00e1sba.<\/li>\n<li>Tan\u00e1csad\u00e1si szolg\u00e1ltat\u00e1sok el\u00e9rhet\u0151s\u00e9ge k\u00f6z\u00e9piskol\u00e1s di\u00e1kok sz\u00e1m\u00e1ra az egyetemi tanulm\u00e1nyi lehet\u0151s\u00e9gekkel kapcsolatban, valamint inform\u00e1ci\u00f3k ny\u00fajt\u00e1sa a fels\u0151oktat\u00e1si k\u00edn\u00e1latr\u00f3l, el\u0151seg\u00edtve ezzel a t\u00e1j\u00e9kozottabb \u00e9s j\u00f6v\u0151orient\u00e1ltabb d\u00f6nt\u00e9shozatalt.<\/li>\n<li>P\u00e9nz\u00fcgyi t\u00e1mogat\u00e1s el\u00e9rhet\u0151s\u00e9ge a tanul\u00f3k \u00e9s hallgat\u00f3k sz\u00e1m\u00e1ra \u00f6szt\u00f6nd\u00edjak, valamint sz\u00e1ll\u00e1s- \u00e9s \u00e9tkez\u00e9si k\u00f6lts\u00e9gek t\u00e1mogat\u00e1sa r\u00e9v\u00e9n.<\/li>\n<li>K\u00fcl\u00f6n a projekt keret\u00e9ben szervezett tev\u00e9kenys\u00e9gek \u00e9s esem\u00e9nyek sorozat\u00e1hoz val\u00f3 hozz\u00e1f\u00e9r\u00e9s, melyek c\u00e9lja a c\u00e9lcsoportba tartoz\u00f3 tanul\u00f3k\/hallgat\u00f3k motiv\u00e1ci\u00f3j\u00e1nak n\u00f6vel\u00e9se \u2013 ide\u00e9rtve az \u00f6nkifejez\u00e9si lehet\u0151s\u00e9geket biztos\u00edt\u00f3 programokat, valamint a tan\u00e1rok \u00e9s di\u00e1kok k\u00f6z\u00f6tti bizalmi kapcsolatok \u00e9p\u00edt\u00e9s\u00e9t szolg\u00e1l\u00f3 tev\u00e9kenys\u00e9geket.<\/li>\n<\/ol>\n<p><strong>A c\u00e9lcsoport \u00f6sszet\u00e9tele:<\/strong><\/p>\n<p>A Nagyv\u00e1radi M\u0171v\u00e9szeti L\u00edceumb\u00f3l \u00f6sszesen 23 tizenegyedik oszt\u00e1lyos di\u00e1k fog r\u00e9szt venni a projektben a 2025\u20132026-os tan\u00e9vt\u0151l kezd\u0151d\u0151en, \u00e9s k\u00e9t \u00e9ven kereszt\u00fcl kapcsol\u00f3dnak be.<\/p>\n<p>[\/et_pb_text][\/et_pb_column][et_pb_column type=&#8221;1_2&#8243; _builder_version=&#8221;4.19.1&#8243; _module_preset=&#8221;default&#8221; global_colors_info=&#8221;{}&#8221;][et_pb_text _builder_version=&#8221;4.19.1&#8243; _module_preset=&#8221;default&#8221; header_font=&#8221;||||||||&#8221; header_2_font=&#8221;Prata||||||||&#8221; header_2_font_size=&#8221;45px&#8221; custom_padding=&#8221;4px|||||&#8221; global_colors_info=&#8221;{}&#8221;]<\/p>\n<h2><strong>Traseu spre succesul studentesc<\/strong><\/h2>\n<p>[\/et_pb_text][et_pb_image src=&#8221;https:\/\/liceuldeartaoradea.ro\/maghiara\/wp-content\/uploads\/2025\/04\/Traseu-spre-succesul-studentesc.png&#8221; title_text=&#8221;Traseu spre succesul studentesc&#8221; _builder_version=&#8221;4.19.1&#8243; _module_preset=&#8221;default&#8221; global_colors_info=&#8221;{}&#8221;][\/et_pb_image][et_pb_text _builder_version=&#8221;4.19.1&#8243; _module_preset=&#8221;default&#8221; custom_padding=&#8221;0px|||||&#8221; hover_enabled=&#8221;0&#8243; global_colors_info=&#8221;{}&#8221; sticky_enabled=&#8221;0&#8243;]<\/p>\n<h2><strong>PROIECT PEO 324165 \u201eTRASEU SPRE SUCCESUL STUDEN\u021aESC\u201d<\/strong><\/h2>\n<p><strong>Titlul proiectului:<\/strong> TSSS \u2013 Traseu spre succesul studen\u021besc<\/p>\n<p><strong>Programul de finan\u021bare:<\/strong> Programul de educa\u021bie \u0219i ocupare<\/p>\n<p><strong>Cod SMIS:<\/strong> 324165<\/p>\n<p><strong>Durata proiectului:<\/strong> 01. februarie 2025 \u2013 31 mai 2027 (28 luni)<\/p>\n<p><strong>Buget total:<\/strong> 7.337.348,00 RON<\/p>\n<p><strong>Num\u0103r participan\u021bi:<\/strong> 351 de tineri: 175 elevi, 176 studen\u021bi<\/p>\n<p><strong>Obiectivul principal: <\/strong><\/p>\n<p>Scopul principal al proiectului este de a cre\u0219te accesul \u0219i participarea elevilor defavoriza\u021bi \u00een \u00eenv\u0103\u021b\u0103m\u00e2ntul superior. Acest demers contribuie la cre\u0219terea gradului de angajabilitate a celor 351 de tineri din poten\u021bialul grup-\u021bint\u0103 \u0219i faciliteaz\u0103 succesul lor sustenabil pe pia\u021ba muncii.<\/p>\n<p><strong>Principalele beneficii suplimentare ale proiectului:<\/strong><\/p>\n<p>1. Acces la programele remediale pentru recuperarea decalajelor de \u00eenvatare pentru preg\u0103tirea examenului de Bacalaureat \u00een vederea facilit\u0103rii tranzi\u021biei la studiile universitare.<br \/>\n2. Accesul la servicii de consiliere pentru elevi cu privire la op\u021biunile de programe de studiu din mediul universitar si la informa\u021bii privind oferta educa\u021bional\u0103 universitar\u0103, care \u00eei va ajuta pe elevi s\u0103 fac\u0103 alegeri mai informate \u0219i mai potrivite pentru viitorul lor academic si profesional.<br \/>\n3. Acces la sprijin financiar pentru elevi\/studen\u021bi prin acordarea de subven\u021bii \u0219i prin sus\u021binerea cheltuielilor pentru cazare si mas\u0103.<br \/>\n4. Acces la o serie de ac\u021biuni \u0219i evenimente organizate exclusiv \u00een cadrul proiectului, \u0219i care contribuie la cre\u0219terea gradului de motivare a elevilor\/studen\u021bilor din grupul \u021bint\u0103, incluz\u00e2nd ac\u021biuni care ofer\u0103 posibilitatea exprim\u0103rii de sine, \u0219i ac\u021biuni care creeaz\u0103 relatii de \u00eencredere \u00eentre elevi si profesori.<\/p>\n<p><strong>Componen\u021ba grupului \u021bint\u0103:<\/strong><\/p>\n<p>23 de elevi din clasa a XI-a de la Liceul de Arte Oradea vor intra \u00een proiect \u00een anul \u0219colar 2025-2026 \u0219i vor participa doi ani.[\/et_pb_text][\/et_pb_column][\/et_pb_row][\/et_pb_section]<\/p>\n","protected":false},"excerpt":{"rendered":"<p>\u00dat az egyetemi sikerhezPEO 324165 \u201e\u00daT AZ EGYETEMI SIKERHEZ\u201d PROJEKT A projekt c\u00edme: TSSS \u2013 \u00dat az egyetemi sikerhez Finansz\u00edroz\u00e1si program: Oktat\u00e1si \u00e9s foglalkoztat\u00e1si program SMIS k\u00f3d: 324165 A projekt id\u0151tartama: 2025. febru\u00e1r 1. \u2013 2027. m\u00e1jus 31. (28 h\u00f3nap) Teljes k\u00f6lts\u00e9gvet\u00e9s: 7.337.348,00 RON R\u00e9sztvev\u0151k sz\u00e1ma: 351 fiatal \u2013 175 k\u00f6z\u00e9piskol\u00e1s tanul\u00f3, 176 egyetemi hallgat\u00f3 [&hellip;]<\/p>\n","protected":false},"author":2,"featured_media":0,"parent":0,"menu_order":0,"comment_status":"closed","ping_status":"closed","template":"","meta":{"_et_pb_use_builder":"on","_et_pb_old_content":"<!-- wp:divi\/placeholder \/-->","_et_gb_content_width":"","footnotes":""},"class_list":["post-897","page","type-page","status-publish","hentry"],"_links":{"self":[{"href":"https:\/\/liceuldeartaoradea.ro\/maghiara\/wp-json\/wp\/v2\/pages\/897","targetHints":{"allow":["GET"]}}],"collection":[{"href":"https:\/\/liceuldeartaoradea.ro\/maghiara\/wp-json\/wp\/v2\/pages"}],"about":[{"href":"https:\/\/liceuldeartaoradea.ro\/maghiara\/wp-json\/wp\/v2\/types\/page"}],"author":[{"embeddable":true,"href":"https:\/\/liceuldeartaoradea.ro\/maghiara\/wp-json\/wp\/v2\/users\/2"}],"replies":[{"embeddable":true,"href":"https:\/\/liceuldeartaoradea.ro\/maghiara\/wp-json\/wp\/v2\/comments?post=897"}],"version-history":[{"count":9,"href":"https:\/\/liceuldeartaoradea.ro\/maghiara\/wp-json\/wp\/v2\/pages\/897\/revisions"}],"predecessor-version":[{"id":915,"href":"https:\/\/liceuldeartaoradea.ro\/maghiara\/wp-json\/wp\/v2\/pages\/897\/revisions\/915"}],"wp:attachment":[{"href":"https:\/\/liceuldeartaoradea.ro\/maghiara\/wp-json\/wp\/v2\/media?parent=897"}],"curies":[{"name":"wp","href":"https:\/\/api.w.org\/{rel}","templated":true}]}}